{"id":23,"date":"2022-04-29T13:20:04","date_gmt":"2022-04-29T11:20:04","guid":{"rendered":"https:\/\/www.ify.fr\/lyon-centre-est\/https-ify-francecom-com-lyon-centre-est-accueil\/"},"modified":"2024-01-08T11:29:09","modified_gmt":"2024-01-08T10:29:09","slug":"https-ify-francecom-com-lyon-centre-est-accueil","status":"publish","type":"page","link":"https:\/\/www.ify.fr\/lyon-centre-est\/","title":{"rendered":"Accueil"},"content":{"rendered":"\n<div class=\"wp-block-cover alignfull is-light has-parallax\" style=\"background-image:url(https:\/\/www.ify.fr\/lyon-centre-est\/wp-content\/uploads\/sites\/5\/2022\/07\/amauri-mejia-GvF7RkA-E9Q-unsplash-1.jpg);min-height:261px\"><span aria-hidden=\"true\" class=\"has-background-dim-0 wp-block-cover__gradient-background has-background-dim\"><\/span><div class=\"wp-block-cover__inner-container\">\n<p class=\"has-text-align-center has-blanc-color has-text-color has-large-font-size\">Institut Fran\u00e7ais de Yoga Lyon Centre Est<\/p>\n<\/div><\/div>\n\n\n\n<section class=\"wp-container-69f5e08a9fbfa wp-block-group\"><div class=\"wp-block-group__inner-container\">\n<div class=\"wp-block-columns are-vertically-aligned-center has-typo-color has-text-color\" style=\"padding-top:0px;padding-right:0px;padding-bottom:0px;padding-left:0px\">\n<div class=\"wp-block-column is-vertically-aligned-center\" style=\"flex-basis:50%\">\n<h1 id=\"bienvenue-a-l-institut-francais-de-yoga-lyon-centre-est\">Bienvenue \u00e0 l\u2019Institut Fran\u00e7ais de Yoga Lyon Centre Est<\/h1>\n\n\n\n<p> L\u2019IFY-LCE, <strong>Institut Fran\u00e7ais du Yoga Lyon Centre Est,<\/strong> diffuse par l\u2019interm\u00e9diaire de ses enseignants, un enseignement du yoga qui s\u2019inspire d\u2019une tradition ancienne bas\u00e9e sur le texte fondateur&nbsp;<em>Le Yoga S\u00fbtra<\/em>&nbsp;de <em>Pata\u00f1jali<\/em>.<\/p>\n\n\n\n<p>Ce yoga est&nbsp;inspir\u00e9 de l\u2019enseignement de <strong>T.K.V. Desikachar<\/strong>. C\u2019est un yoga&nbsp;respectueux de la personne, qui allie posture, respiration et m\u00e9ditation. Il&nbsp;<strong>s\u2019adresse \u00e0 tous les publics<\/strong>, gr\u00e2ce \u00e0 l\u2019<strong>adaptation cr\u00e9ative<\/strong>&nbsp;des techniques (<em>viniyoga<\/em>) et la&nbsp;<strong>progression graduelle<\/strong>&nbsp;dans les s\u00e9ances (<em>vinyasa<\/em>).<\/p>\n\n\n\n<p>Les cours de yoga sont dispens\u00e9s par des Enseignants dont la formation est de 500 heures sur 4 ans et dont le dipl\u00f4me est reconnu par l\u2019Union Europ\u00e9enne de Yoga (U.E.Y.)<\/p>\n\n\n\n<p>L&rsquo;Institut Fran\u00e7ais de Yoga Lyon Centre Est (IFYLCE) fait partie de la f\u00e9d\u00e9ration <strong><a href=\"https:\/\/www.ify.fr\/\">Institut Fran\u00e7ais de Yoga <\/a>(IFY)<\/strong>, membre de <strong>l\u2019<a href=\"https:\/\/www.europeanyoga.org\/euyws\/fr\/home-fr\/\">Union Europ\u00e9enne de Yoga<\/a> (UEY<\/strong>). C\u2019est une association r\u00e9gie par la loi 1901, fond\u00e9e en 1989 sous le nom de Viniyoga Lyon Centre Est.<\/p>\n<\/div>\n\n\n\n<div class=\"wp-block-column is-vertically-aligned-center\">\n<div class=\"wp-block-group encart-citation\"><div class=\"wp-block-group__inner-container\">\n<p class=\"has-text-align-center\">D\u00e9velopper et promouvoir l\u2019\u00e9tude, la compr\u00e9hension et la pratique du Yoga<\/p>\n<\/div><\/div>\n\n\n\n<div class=\"wp-container-69f5e08a9f7f8 wp-block-buttons btn_cta\">\n<div class=\"wp-block-button\"><a class=\"wp-block-button__link has-couleur-2-background-color has-background\" href=\"https:\/\/www.ify.fr\/lyon-centre-est\/trouver-un-cours\/\">Trouver un cours<\/a><\/div>\n\n\n\n<div class=\"wp-block-button\"><a class=\"wp-block-button__link has-couleur-1-background-color has-background\" href=\"https:\/\/www.ify.fr\/lyon-centre-est\/trouver-un-professeur\/\">Trouver un professeur<\/a><\/div>\n\n\n\n<div class=\"wp-block-button\"><a class=\"wp-block-button__link has-couleur-3-background-color has-background\" href=\"https:\/\/www.ify.fr\/lyon-centre-est\/trouver-un-stage\/\">Trouver un stage<\/a><\/div>\n<\/div>\n<\/div>\n<\/div>\n<\/div><\/section>\n\n\n\n<section class=\"wp-container-69f5e08aa40f2 wp-block-group has-bg-2-background-color has-background\"><div class=\"wp-block-group__inner-container\">\n<h2 class=\"has-text-align-center\" id=\"les-dernieres-actualites-de-l-ify-lyon-centre-est\">Les derni\u00e8res actualit\u00e9s de L\u2019IFY Lyon Centre Est<\/h2>\n\n\n\n<div class=\"wp-container-69f5e08aa391a wp-block-query\"><ul class=\"wp-container-69f5e08aa353a is-flex-container columns-3 diaporama-mob wp-block-post-template\"><li class=\"wp-block-post post-747 actualite type-actualite status-publish has-post-thumbnail hentry actualite-categorie-atelier-gratuit\">\n<figure class=\"wp-container-69f5e08aa1776 alignwide wp-block-post-featured-image\"><a href=\"https:\/\/www.ify.fr\/lyon-centre-est\/actualite\/atelier-de-yoga-gratuit-sraddha-cultivez-votre-determination-samedi-9-mai-2026\/\"><img width=\"1200\" height=\"1600\" src=\"https:\/\/www.ify.fr\/lyon-centre-est\/wp-content\/uploads\/sites\/5\/2026\/01\/bd67f776-5708-4f5a-badf-d01430c22920.jpeg\" class=\"attachment-post-thumbnail size-post-thumbnail wp-post-image\" alt=\"\" loading=\"lazy\" srcset=\"https:\/\/www.ify.fr\/lyon-centre-est\/wp-content\/uploads\/sites\/5\/2026\/01\/bd67f776-5708-4f5a-badf-d01430c22920.jpeg 1200w, https:\/\/www.ify.fr\/lyon-centre-est\/wp-content\/uploads\/sites\/5\/2026\/01\/bd67f776-5708-4f5a-badf-d01430c22920-225x300.jpeg 225w, https:\/\/www.ify.fr\/lyon-centre-est\/wp-content\/uploads\/sites\/5\/2026\/01\/bd67f776-5708-4f5a-badf-d01430c22920-768x1024.jpeg 768w, https:\/\/www.ify.fr\/lyon-centre-est\/wp-content\/uploads\/sites\/5\/2026\/01\/bd67f776-5708-4f5a-badf-d01430c22920-1152x1536.jpeg 1152w\" sizes=\"(max-width: 1200px) 100vw, 1200px\" \/><\/a><\/figure>\n\n<div class=\"taxonomy-actualite-categorie wp-block-post-terms\"><a href=\"https:\/\/www.ify.fr\/lyon-centre-est\/actualite-categorie\/atelier-gratuit\/\" rel=\"tag\">3- Atelier gratuit<\/a><\/div>\n\n<h2 class=\"wp-block-post-title\"><a href=\"https:\/\/www.ify.fr\/lyon-centre-est\/actualite\/atelier-de-yoga-gratuit-sraddha-cultivez-votre-determination-samedi-9-mai-2026\/\" target=\"_self\" rel=\"\">Atelier de yoga gratuit \u00ab\u00a0\u015araddha,\u00a0cultivez votre d\u00e9termination\u00a0! \u00bb Samedi 9 mai 2026<\/a><\/h2>\n\n<div class=\"wp-block-post-excerpt\"><p class=\"wp-block-post-excerpt__excerpt\">Samedi 9 mai 2026 \u00e0 Saint Martin La Plaine de 14h \u00e0 17hOrganis\u00e9 par l\u2019Institut Fran\u00e7ais de Yoga &#8211; Lyon [&hellip;]<\/p><p class=\"wp-block-post-excerpt__more-text\"><a class=\"wp-block-post-excerpt__more-link\" href=\"https:\/\/www.ify.fr\/lyon-centre-est\/actualite\/atelier-de-yoga-gratuit-sraddha-cultivez-votre-determination-samedi-9-mai-2026\/\">Lire l&rsquo;article<\/a><\/p><\/div>\n<\/li><li class=\"wp-block-post post-734 actualite type-actualite status-publish hentry actualite-categorie-stage-pour-professeur\">\n\n\n<div class=\"wp-container-69f5e08aa255b taxonomy-actualite-categorie wp-block-post-terms\"><a href=\"https:\/\/www.ify.fr\/lyon-centre-est\/actualite-categorie\/stage-pour-professeur\/\" rel=\"tag\">4- Stage pour professeur<\/a><\/div>\n\n<h2 class=\"wp-block-post-title\"><a href=\"https:\/\/www.ify.fr\/lyon-centre-est\/actualite\/stage-formateur-anime-par-lina-franco-morrison-formatrice-de-lify-les-30-et-31-mai-2026-a-montceaux\/\" target=\"_self\" rel=\"\">Stage formateur anim\u00e9 par Lina Franco Morrison, formatrice de l\u2019IFY, les 30 et 31 mai 2026 \u00e0 Montceaux<\/a><\/h2>\n\n<div class=\"wp-block-post-excerpt\"><p class=\"wp-block-post-excerpt__excerpt\">Du S\u016btra au tissuUn week-end de yoga r\u00e9serv\u00e9 aux professeurs, \u00e9l\u00e8ves en formation et membres actifs, pour plonger dans les [&hellip;]<\/p><p class=\"wp-block-post-excerpt__more-text\"><a class=\"wp-block-post-excerpt__more-link\" href=\"https:\/\/www.ify.fr\/lyon-centre-est\/actualite\/stage-formateur-anime-par-lina-franco-morrison-formatrice-de-lify-les-30-et-31-mai-2026-a-montceaux\/\">Lire l&rsquo;article<\/a><\/p><\/div>\n<\/li><li class=\"wp-block-post post-728 actualite type-actualite status-publish has-post-thumbnail hentry actualite-categorie-vie-de-lassociation\">\n<figure class=\"wp-container-69f5e08aa30d2 alignwide wp-block-post-featured-image\"><a href=\"https:\/\/www.ify.fr\/lyon-centre-est\/actualite\/calendrier-activites-ifylce-2025-2026\/\"><img width=\"1009\" height=\"505\" src=\"https:\/\/www.ify.fr\/lyon-centre-est\/wp-content\/uploads\/sites\/5\/2026\/01\/Calendrier-Activite\u0301s-IFYLCE-2025-2026-16janv26.png\" class=\"attachment-post-thumbnail size-post-thumbnail wp-post-image\" alt=\"Calendrier Activite\u0301s IFYLCE 2025 2026 (16janv26)\" loading=\"lazy\" srcset=\"https:\/\/www.ify.fr\/lyon-centre-est\/wp-content\/uploads\/sites\/5\/2026\/01\/Calendrier-Activite\u0301s-IFYLCE-2025-2026-16janv26.png 1009w, https:\/\/www.ify.fr\/lyon-centre-est\/wp-content\/uploads\/sites\/5\/2026\/01\/Calendrier-Activite\u0301s-IFYLCE-2025-2026-16janv26-300x150.png 300w, https:\/\/www.ify.fr\/lyon-centre-est\/wp-content\/uploads\/sites\/5\/2026\/01\/Calendrier-Activite\u0301s-IFYLCE-2025-2026-16janv26-768x384.png 768w\" sizes=\"(max-width: 1009px) 100vw, 1009px\" \/><\/a><\/figure>\n\n<div class=\"taxonomy-actualite-categorie wp-block-post-terms\"><a href=\"https:\/\/www.ify.fr\/lyon-centre-est\/actualite-categorie\/vie-de-lassociation\/\" rel=\"tag\">1- Vie de l&rsquo;association<\/a><\/div>\n\n<h2 class=\"wp-block-post-title\"><a href=\"https:\/\/www.ify.fr\/lyon-centre-est\/actualite\/calendrier-activites-ifylce-2025-2026\/\" target=\"_self\" rel=\"\">Calendrier Activite\u0301s IFYLCE 2025 2026<\/a><\/h2>\n\n<div class=\"wp-block-post-excerpt\"><p class=\"wp-block-post-excerpt__excerpt\">Ch\u00e8res adh\u00e9rentes, chers adh\u00e9rents, Le calendrier des premi\u00e8res activit\u00e9s mises en place pour l&rsquo;ann\u00e9e 2025-2026 est \u00e0 pr\u00e9sent disponible. Au [&hellip;]<\/p><p class=\"wp-block-post-excerpt__more-text\"><a class=\"wp-block-post-excerpt__more-link\" href=\"https:\/\/www.ify.fr\/lyon-centre-est\/actualite\/calendrier-activites-ifylce-2025-2026\/\">Lire l&rsquo;article<\/a><\/p><\/div>\n<\/li><\/ul><\/div>\n\n\n\n<div class=\"wp-container-69f5e08aa3d03 wp-block-buttons\">\n<div class=\"wp-block-button\"><a class=\"wp-block-button__link has-couleur-2-background-color has-background\" href=\"\/lyon-centre-est\/actualite\/\">Voir toutes les actus<\/a><\/div>\n<\/div>\n<\/div><\/section>\n\n\n\n<section class=\"wp-container-69f5e08aa4951 wp-block-group\"><div class=\"wp-block-group__inner-container\">\n<div class=\"wp-block-media-text is-stacked-on-mobile is-image-fill\"><figure class=\"wp-block-media-text__media\" style=\"background-image:url(https:\/\/www.ify.fr\/lyon-centre-est\/wp-content\/uploads\/sites\/5\/2022\/07\/conscious-design-893qZckG6I4-unsplash-1024x681-1.jpg);background-position:50% 50%\"><img loading=\"lazy\" width=\"1024\" height=\"681\" src=\"https:\/\/www.ify.fr\/lyon-centre-est\/wp-content\/uploads\/sites\/5\/2022\/07\/conscious-design-893qZckG6I4-unsplash-1024x681-1.jpg\" alt=\"\" class=\"wp-image-165 size-full\" srcset=\"https:\/\/www.ify.fr\/lyon-centre-est\/wp-content\/uploads\/sites\/5\/2022\/07\/conscious-design-893qZckG6I4-unsplash-1024x681-1.jpg 1024w, https:\/\/www.ify.fr\/lyon-centre-est\/wp-content\/uploads\/sites\/5\/2022\/07\/conscious-design-893qZckG6I4-unsplash-1024x681-1-300x200.jpg 300w, https:\/\/www.ify.fr\/lyon-centre-est\/wp-content\/uploads\/sites\/5\/2022\/07\/conscious-design-893qZckG6I4-unsplash-1024x681-1-768x511.jpg 768w\" sizes=\"(max-width: 1024px) 100vw, 1024px\" \/><\/figure><div class=\"wp-block-media-text__content\">\n<h2 id=\"les-objectifs-de-l-ifylce-definis-par-les-statuts\">Les objectifs de l\u2019IFYLCE, d\u00e9finis par les statuts&nbsp;:<\/h2>\n\n\n\n<p>Les objectifs de l\u2019IFYLCE, d\u00e9finis par les statuts&nbsp;: <a href=\"https:\/\/www.ify.fr\/lyon-centre-est\/wp-content\/uploads\/sites\/5\/2022\/06\/Statuts-IFYLCE-octobre-2020.pdf\" data-type=\"URL\" data-id=\"https:\/\/www.ify.fr\/lyon-centre-est\/wp-content\/uploads\/sites\/5\/2022\/06\/Statuts-IFYLCE-octobre-2020.pdf\" target=\"_blank\" rel=\"noreferrer noopener\">Statuts IFY LCE<\/a><\/p>\n\n\n\n<div class=\"wp-block-columns liste_texte\">\n<div class=\"wp-block-column\">\n<p class=\"has-text-align-center has-couleur-3-color has-text-color\"><strong>D\u00e9velopper <\/strong><\/p>\n\n\n\n<p class=\"has-text-align-center\">D\u00e9velopper et promouvoir l\u2019\u00e9tude, la compr\u00e9hension et la pratique du Yoga \u00e0 travers des <a href=\"https:\/\/www.ify.fr\/cours-de-yoga-a-lyon\/\" target=\"_blank\" rel=\"noreferrer noopener\">cours de Yoga \u00e0 Lyon<\/a> et alentours<\/p>\n<\/div>\n\n\n\n<div class=\"wp-block-column\">\n<p class=\"has-text-align-center has-couleur-3-color has-text-color\"><strong>Regrouper <\/strong><\/p>\n\n\n\n<p class=\"has-text-align-center\">Regrouper des pratiquants et des enseignants de yoga d\u00e9sireux de se rencontrer, diffuser de l\u2019info, organiser des actions.<\/p>\n<\/div>\n<\/div>\n\n\n\n<p>Pour r\u00e9aliser ces objectifs, notre association organise les ateliers gratuits pour adh\u00e9rents, stages avec des formateurs, conf\u00e9rences, rencontres entre professeurs, et publie un journal intitul\u00e9 \u00ab&nbsp;Trait d\u2019union&nbsp;\u00bb<\/p>\n\n\n\n<p>L\u2019IFYLCE est administr\u00e9e par un Conseil d\u2019administration de 6 \u00e0 14 membres, qui \u00e9lit un Bureau. Les actions sont men\u00e9es par les commissions&nbsp;: Ateliers, Trait d\u2019union, Entraide, le Groupe d\u2019\u00e9tude sur le yoga pour enfants, Cercles de paroles&#8230;<\/p>\n\n\n\n<div class=\"wp-container-69f5e08aa4587 wp-block-buttons\">\n<div class=\"wp-block-button\"><a class=\"wp-block-button__link has-couleur-2-background-color has-background\" href=\"https:\/\/www.ify.fr\/lyon-centre-est\/contact\/\">Contactez-nous<\/a><\/div>\n<\/div>\n<\/div><\/div>\n<\/div><\/section>\n","protected":false},"excerpt":{"rendered":"<p>Bienvenue \u00e0 l\u2019Institut Fran\u00e7ais de Yoga Lyon Centre Est L\u2019IFY-LCE, Institut Fran\u00e7ais du Yoga Lyon Centre Est, diffuse par l\u2019interm\u00e9diaire [&hellip;]<\/p>\n","protected":false},"author":1,"featured_media":0,"parent":0,"menu_order":0,"comment_status":"open","ping_status":"open","template":"","meta":[],"acf":[],"_links":{"self":[{"href":"https:\/\/www.ify.fr\/lyon-centre-est\/wp-json\/wp\/v2\/pages\/23"}],"collection":[{"href":"https:\/\/www.ify.fr\/lyon-centre-est\/wp-json\/wp\/v2\/pages"}],"about":[{"href":"https:\/\/www.ify.fr\/lyon-centre-est\/wp-json\/wp\/v2\/types\/page"}],"author":[{"embeddable":true,"href":"https:\/\/www.ify.fr\/lyon-centre-est\/wp-json\/wp\/v2\/users\/1"}],"replies":[{"embeddable":true,"href":"https:\/\/www.ify.fr\/lyon-centre-est\/wp-json\/wp\/v2\/comments?post=23"}],"version-history":[{"count":5,"href":"https:\/\/www.ify.fr\/lyon-centre-est\/wp-json\/wp\/v2\/pages\/23\/revisions"}],"predecessor-version":[{"id":436,"href":"https:\/\/www.ify.fr\/lyon-centre-est\/wp-json\/wp\/v2\/pages\/23\/revisions\/436"}],"wp:attachment":[{"href":"https:\/\/www.ify.fr\/lyon-centre-est\/wp-json\/wp\/v2\/media?parent=23"}],"curies":[{"name":"wp","href":"https:\/\/api.w.org\/{rel}","templated":true}]}}