{"id":4,"date":"2022-06-20T10:41:53","date_gmt":"2022-06-20T08:41:53","guid":{"rendered":"https:\/\/www.ify.fr\/loire-ocean\/accueil\/"},"modified":"2025-05-07T16:17:54","modified_gmt":"2025-05-07T14:17:54","slug":"accueil","status":"publish","type":"page","link":"https:\/\/www.ify.fr\/loire-ocean\/","title":{"rendered":"Yoga en Loire-Atlantique"},"content":{"rendered":"\n<div class=\"wp-block-cover alignfull is-light\"><span aria-hidden=\"true\" class=\"has-background-dim-0 wp-block-cover__gradient-background has-background-dim\"><\/span><img loading=\"lazy\" width=\"1920\" height=\"1005\" class=\"wp-block-cover__image-background wp-image-63\" alt=\"Cours de Yoga en Loire-Atlantique\" src=\"https:\/\/www.ify.fr\/loire-ocean\/wp-content\/uploads\/sites\/4\/2022\/09\/yoga-lo.jpg\" data-object-fit=\"cover\" srcset=\"https:\/\/www.ify.fr\/loire-ocean\/wp-content\/uploads\/sites\/4\/2022\/09\/yoga-lo.jpg 1920w, https:\/\/www.ify.fr\/loire-ocean\/wp-content\/uploads\/sites\/4\/2022\/09\/yoga-lo-300x157.jpg 300w, https:\/\/www.ify.fr\/loire-ocean\/wp-content\/uploads\/sites\/4\/2022\/09\/yoga-lo-1024x536.jpg 1024w, https:\/\/www.ify.fr\/loire-ocean\/wp-content\/uploads\/sites\/4\/2022\/09\/yoga-lo-768x402.jpg 768w, https:\/\/www.ify.fr\/loire-ocean\/wp-content\/uploads\/sites\/4\/2022\/09\/yoga-lo-1536x804.jpg 1536w\" sizes=\"(max-width: 1920px) 100vw, 1920px\" \/><div class=\"wp-block-cover__inner-container\">\n<p class=\"has-text-align-center has-large-font-size\"><\/p>\n<\/div><\/div>\n\n\n\n<section class=\"wp-container-69f5ba1f59224 wp-block-group\"><div class=\"wp-block-group__inner-container\">\n<div class=\"wp-block-columns are-vertically-aligned-center\">\n<div class=\"wp-block-column is-vertically-aligned-center\" style=\"flex-basis:38%\">\n<h1 id=\"bienvenue-a-l-ify-loire-ocean\">Bienvenue \u00e0 l\u2019IFY Loire Oc\u00e9an<\/h1>\n\n\n\n<p>Le yoga est un chemin vers l\u2019harmonie et le bien \u00eatre. Il apporte connaissance de soi, sant\u00e9, d\u00e9tente et s\u00e9r\u00e9nit\u00e9. Comment y parvenir ? Par une pratique r\u00e9guli\u00e8re au sein de l\u2019<a href=\"https:\/\/www.ify.fr\/\" data-type=\"URL\" data-id=\"https:\/\/www.ify.fr\/\" target=\"_blank\" rel=\"noreferrer noopener\">Institut Fran\u00e7ais du Yoga<\/a>.<\/p>\n\n\n\n<p>L&rsquo;<strong>IFYLO<\/strong>&nbsp;est une des associations r\u00e9gionales de cet Institut. Elle encourage et diffuse un enseignement du <strong>yoga en Loire-Atlantique<\/strong> qui s\u2019inspire d\u2019une tradition authentique et qui respecte la personne, ses aspirations, ses besoins et sa culture. Le fonctionnement est assur\u00e9 par des b\u00e9n\u00e9voles, <a href=\"https:\/\/www.ify.fr\/trouvez-un-professeur\/\" data-type=\"URL\" data-id=\"https:\/\/www.ify.fr\/trouvez-un-professeur\/\">professeurs de yoga<\/a>.<\/p>\n<\/div>\n\n\n\n<div class=\"wp-block-column is-vertically-aligned-center\">\n<div class=\"wp-block-group encart-citation\"><div class=\"wp-block-group__inner-container\">\n<p class=\"has-text-align-center\">Le yoga est un chemin vers l\u2019harmonie et le bien \u00eatre.<\/p>\n<\/div><\/div>\n\n\n\n<div class=\"wp-container-69f5ba1f58e46 wp-block-buttons btn_cta\">\n<div class=\"wp-block-button\"><a class=\"wp-block-button__link has-couleur-2-background-color has-background\" href=\"https:\/\/www.ify.fr\/loire-ocean\/trouver-un-cours\/\">Trouver un cours<\/a><\/div>\n\n\n\n<div class=\"wp-block-button\"><a class=\"wp-block-button__link has-couleur-1-background-color has-background\" href=\"https:\/\/www.ify.fr\/loire-ocean\/trouver-un-professeur\/\">Trouver un professeur<\/a><\/div>\n\n\n\n<div class=\"wp-block-button\"><a class=\"wp-block-button__link has-couleur-3-background-color has-background\" href=\"https:\/\/www.ify.fr\/loire-ocean\/trouver-un-stage\/\">Trouver un stage<\/a><\/div>\n<\/div>\n<\/div>\n<\/div>\n<\/div><\/section>\n\n\n\n<section class=\"wp-container-69f5ba1f5dcd2 wp-block-group has-bg-2-background-color has-background\"><div class=\"wp-block-group__inner-container\">\n<h2 class=\"has-text-align-center\" id=\"les-dernieres-actualites-de-l-ify-loire-ocean\">Les derni\u00e8res actualit\u00e9s de L\u2019IFY Loire Oc\u00e9an<\/h2>\n\n\n\n<div class=\"wp-container-69f5ba1f5d529 wp-block-query\"><ul class=\"wp-container-69f5ba1f5d13b is-flex-container columns-3 diaporama-mob wp-block-post-template\"><li class=\"wp-block-post post-164 actualite type-actualite status-publish hentry\">\n\n\n\n\n<h2 class=\"wp-container-69f5ba1f5a990 wp-block-post-title\"><a href=\"https:\/\/www.ify.fr\/loire-ocean\/actualite\/consulter-le-test-enseigner-et-ses-ambiguites\/\" target=\"_self\" rel=\"\">Tarifs d&rsquo;IFY-Loire-Oc\u00e9an (2024-2025)<\/a><\/h2>\n\n<div class=\"wp-block-post-excerpt\"><p class=\"wp-block-post-excerpt__excerpt\">L&rsquo;adh\u00e9sion se fait maintenant en ligne depuis votre espce priv\u00e9. Pour cela, vous avez besoin de votre identifiantet de votre [&hellip;]<\/p><p class=\"wp-block-post-excerpt__more-text\"><a class=\"wp-block-post-excerpt__more-link\" href=\"https:\/\/www.ify.fr\/loire-ocean\/actualite\/consulter-le-test-enseigner-et-ses-ambiguites\/\">Lire l&rsquo;article<\/a><\/p><\/div>\n<\/li><li class=\"wp-block-post post-113 actualite type-actualite status-publish has-post-thumbnail hentry\">\n<figure class=\"wp-container-69f5ba1f5b540 alignwide wp-block-post-featured-image\"><a href=\"https:\/\/www.ify.fr\/loire-ocean\/actualite\/se-reposer-regulierement-loin-de-toute-sollicitation-grace-au-yoga\/\"><img width=\"900\" height=\"511\" src=\"https:\/\/www.ify.fr\/loire-ocean\/wp-content\/uploads\/sites\/4\/2022\/09\/pexels-pixabay-267950.jpg\" class=\"attachment-post-thumbnail size-post-thumbnail wp-post-image\" alt=\"\" loading=\"lazy\" srcset=\"https:\/\/www.ify.fr\/loire-ocean\/wp-content\/uploads\/sites\/4\/2022\/09\/pexels-pixabay-267950.jpg 900w, https:\/\/www.ify.fr\/loire-ocean\/wp-content\/uploads\/sites\/4\/2022\/09\/pexels-pixabay-267950-300x170.jpg 300w, https:\/\/www.ify.fr\/loire-ocean\/wp-content\/uploads\/sites\/4\/2022\/09\/pexels-pixabay-267950-768x436.jpg 768w\" sizes=\"(max-width: 900px) 100vw, 900px\" \/><\/a><\/figure>\n\n\n\n<h2 class=\"wp-block-post-title\"><a href=\"https:\/\/www.ify.fr\/loire-ocean\/actualite\/se-reposer-regulierement-loin-de-toute-sollicitation-grace-au-yoga\/\" target=\"_self\" rel=\"\">Se (re)poser, r\u00e9guli\u00e8rement, loin de toute sollicitation, gr\u00e2ce au yoga<\/a><\/h2>\n\n<div class=\"wp-block-post-excerpt\"><p class=\"wp-block-post-excerpt__excerpt\">A tout moment, l\u2019envie peut se faire entendre, dans une vie souvent tr\u00e9pidante et parfois ali\u00e9nante, de s\u2019accorder (enfin) un [&hellip;]<\/p><p class=\"wp-block-post-excerpt__more-text\"><a class=\"wp-block-post-excerpt__more-link\" href=\"https:\/\/www.ify.fr\/loire-ocean\/actualite\/se-reposer-regulierement-loin-de-toute-sollicitation-grace-au-yoga\/\">Lire l&rsquo;article<\/a><\/p><\/div>\n<\/li><li class=\"wp-block-post post-110 actualite type-actualite status-publish has-post-thumbnail hentry\">\n<figure class=\"wp-container-69f5ba1f5cc8d alignwide wp-block-post-featured-image\"><a href=\"https:\/\/www.ify.fr\/loire-ocean\/actualite\/le-soleil-a-rendez-vous-avec-la-lune-journee-des-adherents-a-rennes-2018\/\"><img width=\"900\" height=\"600\" src=\"https:\/\/www.ify.fr\/loire-ocean\/wp-content\/uploads\/sites\/4\/2022\/09\/pexels-andrea-piacquadio-3776822.jpg\" class=\"attachment-post-thumbnail size-post-thumbnail wp-post-image\" alt=\"\" loading=\"lazy\" srcset=\"https:\/\/www.ify.fr\/loire-ocean\/wp-content\/uploads\/sites\/4\/2022\/09\/pexels-andrea-piacquadio-3776822.jpg 900w, https:\/\/www.ify.fr\/loire-ocean\/wp-content\/uploads\/sites\/4\/2022\/09\/pexels-andrea-piacquadio-3776822-300x200.jpg 300w, https:\/\/www.ify.fr\/loire-ocean\/wp-content\/uploads\/sites\/4\/2022\/09\/pexels-andrea-piacquadio-3776822-768x512.jpg 768w\" sizes=\"(max-width: 900px) 100vw, 900px\" \/><\/a><\/figure>\n\n\n\n<h2 class=\"wp-block-post-title\"><a href=\"https:\/\/www.ify.fr\/loire-ocean\/actualite\/le-soleil-a-rendez-vous-avec-la-lune-journee-des-adherents-a-rennes-2018\/\" target=\"_self\" rel=\"\">Le Soleil a rendez- vous avec la Lune &#8211; Journ\u00e9e des Adh\u00e9rents \u00e0 Rennes 2018<\/a><\/h2>\n\n<div class=\"wp-block-post-excerpt\"><p class=\"wp-block-post-excerpt__excerpt\">Depuis toujours ces deux luminaires c\u00e9lestes que sont le soleil et la lune rythment nos vies, nos \u00e9motions, et m\u00eame [&hellip;]<\/p><p class=\"wp-block-post-excerpt__more-text\"><a class=\"wp-block-post-excerpt__more-link\" href=\"https:\/\/www.ify.fr\/loire-ocean\/actualite\/le-soleil-a-rendez-vous-avec-la-lune-journee-des-adherents-a-rennes-2018\/\">Lire l&rsquo;article<\/a><\/p><\/div>\n<\/li><\/ul><\/div>\n\n\n\n<div class=\"wp-container-69f5ba1f5d90b wp-block-buttons\">\n<div class=\"wp-block-button\"><a class=\"wp-block-button__link has-couleur-2-background-color has-background\" href=\"\/loire-ocean\/actualite\/\">Voir toutes les actus<\/a><\/div>\n<\/div>\n<\/div><\/section>\n\n\n\n<section class=\"wp-container-69f5ba1f5e0f5 wp-block-group\"><div class=\"wp-block-group__inner-container\">\n<div class=\"wp-block-media-text is-stacked-on-mobile is-image-fill\"><figure class=\"wp-block-media-text__media\" style=\"background-image:url(https:\/\/www.ify.fr\/loire-ocean\/wp-content\/uploads\/sites\/4\/2022\/07\/conscious-design-893qZckG6I4-unsplash-1024x681-1.jpg);background-position:50% 50%\"><img loading=\"lazy\" width=\"1024\" height=\"681\" src=\"https:\/\/www.ify.fr\/loire-ocean\/wp-content\/uploads\/sites\/4\/2022\/07\/conscious-design-893qZckG6I4-unsplash-1024x681-1.jpg\" alt=\"Yoga en Loire Atlantique\" class=\"wp-image-59 size-full\" srcset=\"https:\/\/www.ify.fr\/loire-ocean\/wp-content\/uploads\/sites\/4\/2022\/07\/conscious-design-893qZckG6I4-unsplash-1024x681-1.jpg 1024w, https:\/\/www.ify.fr\/loire-ocean\/wp-content\/uploads\/sites\/4\/2022\/07\/conscious-design-893qZckG6I4-unsplash-1024x681-1-300x200.jpg 300w, https:\/\/www.ify.fr\/loire-ocean\/wp-content\/uploads\/sites\/4\/2022\/07\/conscious-design-893qZckG6I4-unsplash-1024x681-1-768x511.jpg 768w\" sizes=\"(max-width: 1024px) 100vw, 1024px\" \/><\/figure><div class=\"wp-block-media-text__content\">\n<h2 id=\"les-objectifs-de-l-ify-loire-ocean\">Les objectifs de l\u2019IFY Loire Oc\u00e9an&nbsp;:<\/h2>\n\n\n\n<p>Ils sont d\u00e9finis par les statuts de l&rsquo;association. Tout au long de l&rsquo;ann\u00e9e, l&rsquo;IFY-LO organise :<\/p>\n\n\n\n<ul><li>Des&nbsp;<strong>cours de Yoga en Loire-Atlantique<\/strong>&nbsp;collectifs et individuels<\/li><li>Des<strong>&nbsp;ateliers anim\u00e9s<\/strong>&nbsp;par les formateurs de l\u2019IFY ou des intervenants ext\u00e9rieurs<\/li><li>Des&nbsp;<strong>forums et stages autour du Yoga<\/strong>&nbsp;&nbsp;: Organis\u00e9s sur deux journ\u00e9es, autour d\u2019un th\u00e8me unique, il est anim\u00e9 par les professeurs de l&rsquo;IFYLO<\/li><li>La&nbsp;<strong>journ\u00e9e des professeurs<\/strong>, anim\u00e9e par un formateur, qui reste un moment privil\u00e9gi\u00e9 de formation r\u00e9serv\u00e9 aux enseignants<\/li><\/ul>\n\n\n\n<p>Gr\u00e2ce au travail de l\u2019\u00e9quipe de r\u00e9daction et de ceux qui ont envie de transmettre et de partager leur point de vue, tout au long de l&rsquo;ann\u00e9e, l&rsquo;IFYLO publie :<\/p>\n\n\n\n<ul><li>Des articles r\u00e9dig\u00e9s par les <strong>professeurs de yoga en Loire-Atlantique<\/strong> membres de l&rsquo;IFYLO et librement accessibles sur notre site web.<\/li><\/ul>\n<\/div><\/div>\n<\/div><\/section>\n","protected":false},"excerpt":{"rendered":"<p>Bienvenue \u00e0 l\u2019IFY Loire Oc\u00e9an Le yoga est un chemin vers l\u2019harmonie et le bien \u00eatre. Il apporte connaissance de [&hellip;]<\/p>\n","protected":false},"author":1,"featured_media":0,"parent":0,"menu_order":0,"comment_status":"open","ping_status":"open","template":"","meta":[],"acf":[],"_links":{"self":[{"href":"https:\/\/www.ify.fr\/loire-ocean\/wp-json\/wp\/v2\/pages\/4"}],"collection":[{"href":"https:\/\/www.ify.fr\/loire-ocean\/wp-json\/wp\/v2\/pages"}],"about":[{"href":"https:\/\/www.ify.fr\/loire-ocean\/wp-json\/wp\/v2\/types\/page"}],"author":[{"embeddable":true,"href":"https:\/\/www.ify.fr\/loire-ocean\/wp-json\/wp\/v2\/users\/1"}],"replies":[{"embeddable":true,"href":"https:\/\/www.ify.fr\/loire-ocean\/wp-json\/wp\/v2\/comments?post=4"}],"version-history":[{"count":6,"href":"https:\/\/www.ify.fr\/loire-ocean\/wp-json\/wp\/v2\/pages\/4\/revisions"}],"predecessor-version":[{"id":199,"href":"https:\/\/www.ify.fr\/loire-ocean\/wp-json\/wp\/v2\/pages\/4\/revisions\/199"}],"wp:attachment":[{"href":"https:\/\/www.ify.fr\/loire-ocean\/wp-json\/wp\/v2\/media?parent=4"}],"curies":[{"name":"wp","href":"https:\/\/api.w.org\/{rel}","templated":true}]}}